{"id":56,"date":"2013-11-08T14:49:45","date_gmt":"2013-11-08T14:49:45","guid":{"rendered":"http:\/\/www.khz-vidalbini.com\/?page_id=56"},"modified":"2024-10-23T17:49:56","modified_gmt":"2024-10-23T17:49:56","slug":"dates","status":"publish","type":"page","link":"https:\/\/www.khz-vidalbini.com\/?page_id=56","title":{"rendered":"Archives_Dates"},"content":{"rendered":"<div class=\"vce-row-container\" data-vce-boxed-width=\"true\"><div class=\"vce-row vce-element--has-background vce-row--col-gap-30 vce-row-equal-height vce-row-content--top\" id=\"el-96ba43b3\" data-vce-do-apply=\"all el-96ba43b3\"><div class=\"vce-content-background-container\"><div class=\"vce-asset-color-gradient-container vce-visible-all-only\" data-vce-do-apply=\"gradient el-96ba43b3\"><\/div><\/div><div class=\"vce-row-content\" data-vce-element-content=\"true\"><div class=\"vce-col vce-col--md-8p vce-col--xs-1 vce-col--xs-last vce-col--xs-first vce-col--sm-last vce-col--sm-first vce-col--md-first vce-col--lg-first vce-col--xl-first\" id=\"el-d292ca05\"><div class=\"vce-col-inner\" data-vce-do-apply=\"border margin background  el-d292ca05\"><div class=\"vce-col-content\" data-vce-element-content=\"true\" data-vce-do-apply=\"padding el-d292ca05\"><div class=\"vcv-row-control-wrapper\"><\/div><\/div><\/div><\/div><div class=\"vce-col vce-col--md-28p vce-col--xs-1 vce-col--xs-last vce-col--xs-first vce-col--sm-last vce-col--sm-first\" id=\"el-759face0\"><div class=\"vce-col-inner\" data-vce-do-apply=\"border margin background  el-759face0\"><div class=\"vce-col-content\" data-vce-element-content=\"true\" data-vce-do-apply=\"padding el-759face0\"><div class=\"vce-text-block\"><div class=\"vce-text-block-wrapper vce\" id=\"el-a03dceda\" data-vce-do-apply=\"all el-a03dceda\"><details class=\"wp-block-details has-black-color has-text-color has-link-color has-medium-font-size wp-elements-db5bc7c131ca99e864c218e786a237ee is-layout-flow wp-block-details-is-layout-flow\" style=\"font-style: normal; font-weight: 600;\">\n<summary><span style=\"font-family: 'Fira Sans'; color: #000000; font-size: 10pt;\">&nbsp;<span style=\"font-size: 12pt;\">Saison 2023-2024<\/span><\/span><\/summary>\n<p style=\"font-style: normal; font-weight: 400;\"><span style=\"font-family: 'Fira Sans'; color: #000000; font-size: 10pt;\">le 18 octobre 2023 : <br><a style=\"color: #000000;\" href=\"https:\/\/www.khz-vidalbini.com\/?p=1786\">Jusqu\u2019\u00e0 l\u2019os<\/a>,&nbsp;au <a style=\"color: #000000;\" href=\"https:\/\/www.centremalraux.com\/saison\/jusqua-los\" target=\"_blank\" rel=\"noreferrer noopener\">CCAM \u2013 sc\u00e8ne nationale de Vand\u0153uvre-l\u00e8s-Nancy<\/a>&nbsp;(6 repr\u00e9sentations scolaires les 17, 19 et 20 octobre)<\/span><\/p>\n<p style=\"font-style: normal; font-weight: 400;\"><span style=\"font-family: 'Fira Sans'; color: #000000; font-size: 10pt;\">le 8 novembre 2023 : <br><a style=\"color: #000000;\" href=\"https:\/\/www.khz-vidalbini.com\/?p=1786\">Jusqu\u2019\u00e0 l\u2019os<\/a>, 2 repr\u00e9sentations tout public ALL\/FR au <a style=\"color: #000000;\" href=\"http:\/\/www.loostik.eu\/index.php?id=382&amp;no_cache=1&amp;L=2&amp;tx_sst14v_sstdetailview%5Bstueck%5D=387&amp;tx_sst14v_sstdetailview%5Baction%5D=showStueck&amp;tx_sst14v_sstdetailview%5Bcontroller%5D=Sst&amp;cHash=cc228e40c1181fc091841b2818d26251\" target=\"_blank\" rel=\"noreferrer noopener\">Festival LOOSTIK<\/a>&nbsp;festival jeune public franco-allemand (3 repr\u00e9sentations scolaires le 7 novembre)<\/span><\/p>\n<p style=\"font-style: normal; font-weight: 400;\"><span style=\"font-family: 'Fira Sans'; color: #000000; font-size: 10pt;\">le 24 novembre 2023 : <br><a style=\"color: #000000;\" href=\"?projects=narr-pour-entrer-dans-la-nuit\">NARR \u2013 Le concert<\/a>, au <a style=\"color: #000000;\" href=\"http:\/\/theaboux.eu\/narr-le-concert\/\" target=\"_blank\" rel=\"noreferrer noopener\">Th\u00e9\u00e2tre du March\u00e9 aux Grains<\/a>&nbsp;(1 scolaire le 24 novembre)<\/span><\/p>\n<p style=\"font-style: normal; font-weight: 400;\"><span style=\"font-family: 'Fira Sans'; color: #000000; font-size: 10pt;\">du 11 au 15 d\u00e9cembre 2023 : <br><a style=\"color: #000000;\" href=\"https:\/\/www.khz-vidalbini.com\/?p=1677\" target=\"_blank\" rel=\"noreferrer noopener\">WHAT IS\u2026<\/a>, en tourn\u00e9e dans les \u00e9tablissements scolaires avec le <a style=\"color: #000000;\" href=\"http:\/\/theaboux.eu\/what-is\/\" target=\"_blank\" rel=\"noreferrer noopener\">Th\u00e9\u00e2tre du March\u00e9 aux Grains<\/a><\/span><\/p>\n<p style=\"font-style: normal; font-weight: 400;\"><span style=\"font-family: 'Fira Sans'; color: #000000; font-size: 10pt;\">les 11 et 12 janvier 2024 : <br><a style=\"color: #000000;\" href=\"https:\/\/www.khz-vidalbini.com\/?p=1786\">Jusqu\u2019\u00e0 l\u2019os<\/a>, \u00e0 l\u2019<a style=\"color: #000000;\" href=\"https:\/\/www.facebook.com\/espaceculturellabuire\/\" target=\"_blank\" rel=\"noreferrer noopener\">Espace Culturel la Buire<\/a>&nbsp;\u00e0 L\u2019Horme<\/span><\/p>\n<p style=\"font-style: normal; font-weight: 400;\"><span style=\"font-family: 'Fira Sans'; color: #000000; font-size: 10pt;\">les 4 et 5 f\u00e9vrier 2024 : <br><a style=\"color: #000000;\" href=\"https:\/\/www.khz-vidalbini.com\/?p=1786\">Jusqu\u2019\u00e0 l\u2019os<\/a>, au <a style=\"color: #000000;\" href=\"https:\/\/www.momix.org\/fr\/\" target=\"_blank\" rel=\"noreferrer noopener\">Festival MOMIX<\/a><\/span><\/p>\n<p style=\"font-style: normal; font-weight: 400;\"><span style=\"font-family: 'Fira Sans'; color: #000000; font-size: 10pt;\">les 15 et 16 f\u00e9vrier 2024 : <br><a style=\"color: #000000;\" href=\"https:\/\/www.khz-vidalbini.com\/?p=1635\">NARR : pour entrer dans la nuit<\/a>, au <a style=\"color: #000000;\" href=\"http:\/\/www.theatre-macon.com\/2023-2024\/narr-pour-entrer-dans-la-nuit\" target=\"_blank\" rel=\"noreferrer noopener\">Th\u00e9\u00e2tre, sc\u00e8ne nationale de M\u00e2con<\/a><\/span><\/p>\n<p style=\"font-style: normal; font-weight: 400;\"><span style=\"font-family: 'Fira Sans'; color: #000000; font-size: 10pt;\">le 5 avril 2024 : <br>pr\u00e9sentation du projet <a style=\"color: #000000;\" href=\"https:\/\/www.khz-vidalbini.com\/?p=1643\" target=\"_blank\" rel=\"noreferrer noopener\">MYOTIS X<\/a> \u00e0 <a style=\"color: #000000;\" href=\"https:\/\/www.pole-sud.fr\/projects\/happy-days-plateforme-choregraphique-23-24\/?pr=46228&amp;gr=1&amp;post=projects&amp;sa=1621#\/\" target=\"_blank\" rel=\"noreferrer noopener\">POLE-SUD CDCN Strasbourg<\/a>&nbsp;dans le cadre de la plateforme chor\u00e9graphique Happy Days<\/span><\/p>\n<p style=\"font-style: normal; font-weight: 400;\"><span style=\"font-family: 'Fira Sans'; color: #000000; font-size: 10pt;\">du 15 au 19 avril 2024 : <br><a style=\"color: #000000;\" href=\"https:\/\/www.khz-vidalbini.com\/?p=1677\" target=\"_blank\" rel=\"noreferrer noopener\">WHAT IS\u2026<\/a>, en tourn\u00e9e dans les \u00e9tablissements scolaires avec le <a style=\"color: #000000;\" href=\"http:\/\/theaboux.eu\/what-is\/\" target=\"_blank\" rel=\"noreferrer noopener\">Th\u00e9\u00e2tre du March\u00e9 aux Grains<\/a><\/span><\/p>\n<p style=\"font-style: normal; font-weight: 400;\"><span style=\"font-family: 'Fira Sans'; color: #000000; font-size: 10pt;\">le 15 juin 2024 : <br><a style=\"color: #000000;\" href=\"https:\/\/www.khz-vidalbini.com\/?p=1845\" target=\"_blank\" rel=\"noreferrer noopener\">De l\u2019exercice de la d\u00e9mocratie ?<\/a>, cr\u00e9ation avec le groupe amateur de danse et d\u2019improvisation du <a style=\"color: #000000;\" href=\"http:\/\/theaboux.eu\/atelier-amateur-de-danse-contemporaine-et-dimprovisation-de-lexercice-de-la-democratie\/\" target=\"_blank\" rel=\"noreferrer noopener\">Th\u00e9\u00e2tre du March\u00e9 aux Grains<\/a> \u00e0 Bouxwiller<\/span><\/p>\n<p style=\"font-style: normal; font-weight: 400;\"><span style=\"font-family: 'Fira Sans'; color: #000000; font-size: 10pt;\">le 12 juillet 2024 : <br><a style=\"color: #000000;\" href=\"https:\/\/www.khz-vidalbini.com\/?p=1677\" target=\"_blank\" rel=\"noreferrer noopener\">WHAT IS\u2026<\/a>, au&nbsp;<a style=\"color: #000000;\" href=\"http:\/\/theaboux.eu\/what-is\/\" target=\"_blank\" rel=\"noreferrer noopener\">Th\u00e9\u00e2tre du March\u00e9 aux Grains<\/a>&nbsp;dans le cadre des Vendredis de l\u2019\u00e9t\u00e9 \u00e0 Bouxwiller<\/span><\/p>\n<\/details><\/div><\/div><\/div><\/div><\/div><div class=\"vce-col vce-col--md-28p vce-col--xs-1 vce-col--xs-last vce-col--xs-first vce-col--sm-last vce-col--sm-first\" id=\"el-ba02f58a\"><div class=\"vce-col-inner\" data-vce-do-apply=\"border margin background  el-ba02f58a\"><div class=\"vce-col-content\" data-vce-element-content=\"true\" data-vce-do-apply=\"padding el-ba02f58a\"><div class=\"vce-text-block\"><div class=\"vce-text-block-wrapper vce\" id=\"el-fc247e3e\" data-vce-do-apply=\"all el-fc247e3e\"><details class=\"wp-block-details has-black-color has-text-color has-link-color has-medium-font-size wp-elements-4accd94b92b0bf5e07ae61d013cef039 is-layout-flow wp-block-details-is-layout-flow\" style=\"font-style: normal; font-weight: 600;\">\n<summary><span style=\"font-family: 'Fira Sans'; font-size: 12pt;\">&nbsp;Saison 2022-2023<br><br><\/span><\/summary>\n<p style=\"font-style: normal; font-weight: 400; line-height: 1.25;\"><span style=\"font-family: 'Fira Sans'; font-size: 10pt; color: #000000;\">Cette saison,&nbsp;<a style=\"color: #000000;\" href=\"https:\/\/www.khz-vidalbini.com\/?p=1635\">NARR : pour entrer dans la nuit<\/a>&nbsp;est en&nbsp;tourn\u00e9e et&nbsp;<a style=\"color: #000000;\" href=\"https:\/\/www.khz-vidalbini.com\/?p=1786\">Jusqu\u2019\u00e0 l\u2019os<\/a>&nbsp;continue ses aventures, avec une nouvelle version en langue allemande !!<\/span><\/p>\n<p style=\"font-style: normal; font-weight: 400; line-height: 1.25;\"><span style=\"font-family: 'Fira Sans'; font-size: 10pt; color: #000000;\">le 11 octobre 2022 : <br><a style=\"color: #000000;\" href=\"https:\/\/www.khz-vidalbini.com\/?p=1786\">Jusqu\u2019\u00e0 l\u2019os<\/a>, \u00e0 la <a style=\"color: #000000;\" href=\"https:\/\/www.mjc-calonne.com\/spectacles\/danse\/evenement\/517-saison-de-la-danse-1-jusqu-a-l-os\" target=\"_blank\" rel=\"noreferrer noopener\">MJC Callone<\/a> \u00e0 Sedan, dans la Saison de la Danse, en partenariat avec le P\u00f4le Danse des Ardennes et Ardenne M\u00e9tropole<\/span><\/p>\n<p style=\"font-style: normal; font-weight: 400; line-height: 1.25;\"><span style=\"font-family: 'Fira Sans'; font-size: 10pt; color: #000000;\">le 27 octobre 2022 : <br><a style=\"color: #000000;\" href=\"https:\/\/www.khz-vidalbini.com\/?p=1761\">MORITURI (cr\u00e9er est un combat)<\/a>&nbsp;est pr\u00e9sent\u00e9 aux professionnels, \u00e0 l\u2019oral, dans l\u2019\u00e9dition 2022 de <a style=\"color: #000000;\" href=\"https:\/\/www.quintest.fr\/quintessence\/edition-2022\/\" target=\"_blank\" rel=\"noreferrer noopener\">Quintessence<\/a><\/span><\/p>\n<p style=\"font-style: normal; font-weight: 400; line-height: 1.25;\"><span style=\"font-family: 'Fira Sans'; font-size: 10pt; color: #000000;\">les 16 et 17 novembre 2022 : <br><a style=\"color: #000000;\" href=\"https:\/\/www.khz-vidalbini.com\/?p=1635\">NARR : pour entrer dans la nuit<\/a>, au <a style=\"color: #000000;\" href=\"https:\/\/www.centremalraux.com\/saison\/narr-pour-entrer-dans-la-nuit\" target=\"_blank\" rel=\"noreferrer noopener\">CCAM \u2013 sc\u00e8ne nationale de Vand\u0153uvre-l\u00e8s-Nancy<\/a><\/span><\/p>\n<p style=\"font-style: normal; font-weight: 400; line-height: 1.25;\"><span style=\"font-family: 'Fira Sans'; font-size: 10pt; color: #000000;\">le 22 novembre 2022 : <br><a style=\"color: #000000;\" href=\"https:\/\/www.khz-vidalbini.com\/?p=1635\">NARR : pour entrer dans la nuit<\/a>, au <a style=\"color: #000000;\" href=\"http:\/\/theaboux.eu\" target=\"_blank\" rel=\"noreferrer noopener\">Th\u00e9\u00e2tre Christiane Stro\u00eb<\/a> \u00e0 Bouxwiller<\/span><\/p>\n<p style=\"font-style: normal; font-weight: 400; line-height: 1.25;\"><span style=\"font-family: 'Fira Sans'; font-size: 10pt; color: #000000;\">le 25 novembre 2022 : <br><a style=\"color: #000000;\" href=\"https:\/\/www.khz-vidalbini.com\/?p=1635\">NARR : pour entrer dans la nuit<\/a>, au <a style=\"color: #000000;\" href=\"https:\/\/carreau-forbach.com\/programmation\/narr-pour-entrer-dans-la-nuit\/\" target=\"_blank\" rel=\"noreferrer noopener\">Carreau, sc\u00e8ne nationale de Forbach et de l\u2019Est Mosellan<\/a><\/span><\/p>\n<p style=\"font-style: normal; font-weight: 400; line-height: 1.25;\"><span style=\"font-family: 'Fira Sans'; font-size: 10pt; color: #000000;\">le 7 d\u00e9cembre 2022 : <br><a style=\"color: #000000;\" href=\"https:\/\/www.khz-vidalbini.com\/?p=1786\">Jusqu\u2019\u00e0 l\u2019os<\/a>, au <a style=\"color: #000000;\" href=\"http:\/\/www.theatre-macon.com\/2022-2023\/jusqu-a-l-os\" target=\"_blank\" rel=\"noreferrer noopener\">Th\u00e9\u00e2tre \u2013 M\u00e2con \u2013 Sc\u00e9ne nationale<\/a>&nbsp;(4 repr\u00e9sentations scolaires les &nbsp;6 et 8 d\u00e9cembre)<\/span><\/p>\n<p style=\"font-style: normal; font-weight: 400; line-height: 1.25;\"><span style=\"font-family: 'Fira Sans'; font-size: 10pt; color: #000000;\">janvier 2023 : <br><a style=\"color: #000000;\" href=\"https:\/\/www.khz-vidalbini.com\/?p=1786\">Jusqu\u2019\u00e0 l\u2019os<\/a>, au <a style=\"color: #000000;\" href=\"https:\/\/www.momix.org\/fr\/\" target=\"_blank\" rel=\"noreferrer noopener\">Festival MOMIX<\/a>&nbsp;\/ report\u00e9 \u00e0 f\u00e9vrier 2024<\/span><\/p>\n<p style=\"font-style: normal; font-weight: 400; line-height: 1.25;\"><span style=\"font-family: 'Fira Sans'; font-size: 10pt; color: #000000;\">le 29 janvier 2023 : <br><a style=\"color: #000000;\" href=\"https:\/\/www.khz-vidalbini.com\/?p=1786\">Jusqu\u2019\u00e0 l\u2019os<\/a>, au <a style=\"color: #000000;\" href=\"https:\/\/www.le-preo.fr\/evenement\/bis-in-die-knochen-jusqua-los\/\" target=\"_blank\" rel=\"noreferrer noopener\">Pr\u00e9O<\/a> \u00e0 Oberhausbergen, dans le cadre du Festival MOMIX<\/span><\/p>\n<p style=\"font-style: normal; font-weight: 400; line-height: 1.25;\"><span style=\"font-family: 'Fira Sans'; font-size: 10pt; color: #000000;\">les 2 et 3 mars 2023 : <br><a style=\"color: #000000;\" href=\"https:\/\/www.khz-vidalbini.com\/?p=1635\">NARR : pour entrer dans la nuit<\/a>&nbsp;\u00e0 <a style=\"color: #000000;\" href=\"https:\/\/www.lafilature.org\/spectacle\/narr-pour-entrer-dans-la-nuit\/\" target=\"_blank\" rel=\"noreferrer noopener\">la Filature, sc\u00e8ne nationale \u2013 Mulhouse<\/a><\/span><\/p>\n<p style=\"font-style: normal; font-weight: 400; line-height: 1.25;\"><span style=\"font-family: 'Fira Sans'; font-size: 10pt; color: #000000;\">le 11 mars 2023 : <br><a style=\"color: #000000;\" href=\"https:\/\/www.khz-vidalbini.com\/?p=1786\">Jusqu\u2019\u00e0 l\u2019os<\/a>, \u00e0 <a style=\"color: #000000;\" href=\"https:\/\/artrhena.eu\/events\/saison-202223\/jusqu-los\/160\" target=\"_blank\" rel=\"noreferrer noopener\">Art\u2019Rhena<\/a> \u00e0 Vogelgr\u00fcn<\/span><\/p>\n<p style=\"font-style: normal; font-weight: 400; line-height: 1.25;\"><span style=\"font-family: 'Fira Sans'; font-size: 10pt; color: #000000;\">le 28 mars 2023 : <br><a style=\"color: #000000;\" href=\"https:\/\/www.khz-vidalbini.com\/?p=1786\">Jusqu\u2019\u00e0 l\u2019os<\/a>, \u00e0 <a style=\"color: #000000;\" href=\"https:\/\/www.archipel-granville.fr\/spectacle\/jusqua-los\/\" target=\"_blank\" rel=\"noreferrer noopener\">l\u2019Archipel<\/a> \u00e0 Granville<\/span><\/p>\n<\/details><\/div><\/div><\/div><\/div><\/div><div class=\"vce-col vce-col--md-28p vce-col--xs-1 vce-col--xs-last vce-col--xs-first vce-col--sm-last vce-col--sm-first\" id=\"el-2428d651\"><div class=\"vce-col-inner\" data-vce-do-apply=\"border margin background  el-2428d651\"><div class=\"vce-col-content\" data-vce-element-content=\"true\" data-vce-do-apply=\"padding el-2428d651\"><div class=\"vce-text-block\"><div class=\"vce-text-block-wrapper vce\" id=\"el-276a0ca6\" data-vce-do-apply=\"all el-276a0ca6\"><details class=\"wp-block-details has-black-color has-text-color has-link-color has-medium-font-size wp-elements-4977a88734d20c1b981dc2a0a34a2e1b is-layout-flow wp-block-details-is-layout-flow\" style=\"font-style: normal; font-weight: 600;\">\n<summary><span style=\"font-family: 'Fira Sans'; font-size: 12pt;\">Saison 2021-2022<br><br><\/span><\/summary>\n<p style=\"font-style: normal; font-weight: 400; line-height: 1.25;\"><span style=\"font-family: 'Fira Sans'; font-size: 10pt; color: #000000;\">\u00c0 venir cette saison, la cr\u00e9ation de <a style=\"color: #000000;\" href=\"https:\/\/www.khz-vidalbini.com\/?p=1635\">NARR : pour entrer dans la nuit<\/a>, avec les premi\u00e8res \u00e9tapes de tourn\u00e9e. Aussi les tourn\u00e9es de <a style=\"color: #000000;\" href=\"?projects=jusqua-los\">Jusqu\u2019\u00e0 l\u2019os<\/a>, faites des reports de la saison 2020-2021 et de nouvelles programmations !<\/span><\/p>\n<p style=\"font-style: normal; font-weight: 400; line-height: 1.25;\"><span style=\"font-family: 'Fira Sans'; font-size: 10pt; color: #000000;\">le 18 janvier 2022 : <br><a style=\"color: #000000;\" href=\"https:\/\/www.khz-vidalbini.com\/?p=1786\">Jusqu\u2019\u00e0 l\u2019os<\/a>, \u00e0 <a style=\"color: #000000;\" href=\"https:\/\/www.lacastine.com\">La Castine<\/a> \u00e0 Reichshoffen, dans le cadre du Festival D\u00e9caDanse des Sc\u00e8nes du Nord Alsace (2 repr\u00e9sentations scolaires)<\/span><\/p>\n<p style=\"font-style: normal; font-weight: 400; line-height: 1.25;\"><span style=\"font-family: 'Fira Sans'; font-size: 10pt; color: #000000;\">le 21 janvier 2022 : <br><a style=\"color: #000000;\" href=\"https:\/\/www.khz-vidalbini.com\/?p=1786\">Jusqu\u2019\u00e0 l\u2019os<\/a>, \u00e0 <a style=\"color: #000000;\" href=\"https:\/\/www.la-saline.fr\/Saison-culturelle.html\">La Saline<\/a>&nbsp;Relais Culturel \u00e0 Soultz-sous-For\u00eats, dans le cadre du Festival D\u00e9caDanse des Sc\u00e8nes du Nord Alsace (1 repr\u00e9sentation scolaire le 21 janvier \u00e9galement)<\/span><\/p>\n<p style=\"font-style: normal; font-weight: 400; line-height: 1.25;\"><span style=\"font-family: 'Fira Sans'; font-size: 10pt; color: #000000;\">le 22 janvier 2022 : <br><a style=\"color: #000000;\" href=\"https:\/\/www.khz-vidalbini.com\/?p=1786\">Jusqu\u2019\u00e0 l\u2019os<\/a>, \u00e0 <a style=\"color: #000000;\" href=\"https:\/\/www.mac-bischwiller.fr\/agenda-categorie\/danse\/\">la MAC<\/a>&nbsp;Relais Culturel \u00e0 Bischwiller, dans le cadre du Festival D\u00e9caDanse des Sc\u00e8nes du Nord Alsace<\/span><\/p>\n<p style=\"font-style: normal; font-weight: 400; line-height: 1.25;\"><span style=\"font-family: 'Fira Sans'; font-size: 10pt; color: #000000;\">le 23 f\u00e9vrier 2022 : <br><a style=\"color: #000000;\" href=\"https:\/\/www.khz-vidalbini.com\/?p=1786\">Jusqu\u2019\u00e0 l\u2019os<\/a>, \u00e0 la <a style=\"color: #000000;\" href=\"https:\/\/salle-europe.colmar.fr\/programmation\">Salle Europe<\/a> \u00e0 Colmar (2 repr\u00e9sentations scolaires le 24 f\u00e9vrier)<\/span><\/p>\n<p style=\"font-style: normal; font-weight: 400; line-height: 1.25;\"><span style=\"font-family: 'Fira Sans'; font-size: 10pt; color: #000000;\">le 26 f\u00e9vrier 2022 : <br><a style=\"color: #000000;\" href=\"https:\/\/www.khz-vidalbini.com\/?p=1761\">MORITURI (cr\u00e9er est un combat)<\/a>, \u00e0 la <a style=\"color: #000000;\" href=\"https:\/\/salle-europe.colmar.fr\/programmation\">Salle Europe<\/a> \u00e0 Colmar<\/span><\/p>\n<p style=\"font-style: normal; font-weight: 400; line-height: 1.25;\"><span style=\"font-family: 'Fira Sans'; font-size: 10pt; color: #000000;\">les 4 et 5 f\u00e9vrier 2022 : <br><a style=\"color: #000000;\" href=\"https:\/\/www.khz-vidalbini.com\/?p=1635\">NARR : pour entrer dans la nuit<\/a>, au <a style=\"color: #000000;\" href=\"http:\/\/theaboux.eu\">Th\u00e9\u00e2tre Christiane Stro\u00eb<\/a> \u00e0 Bouxwiller (report\u00e9 \u00e0 la saison 2022-2023)<\/span><\/p>\n<p style=\"font-style: normal; font-weight: 400; line-height: 1.25;\"><span style=\"font-family: 'Fira Sans'; font-size: 10pt; color: #000000;\">le 19 mars 2022 : <br><a style=\"color: #000000;\" href=\"https:\/\/www.khz-vidalbini.com\/?p=1786\">Jusqu\u2019\u00e0 l\u2019os<\/a>, au <a style=\"color: #000000;\" href=\"http:\/\/theaboux.eu\">Th\u00e9\u00e2tre Christiane Stro\u00eb<\/a> \u00e0 Bouxwiller (2 repr\u00e9sentations scolaires le 18 mars)<\/span><\/p>\n<p style=\"font-style: normal; font-weight: 400; line-height: 1.25;\"><span style=\"font-family: 'Fira Sans'; font-size: 10pt; color: #000000;\">le 14 mai 2022 : <br><a style=\"color: #000000;\" href=\"https:\/\/www.khz-vidalbini.com\/?p=1786\">Jusqu\u2019\u00e0 l\u2019os<\/a>, \u00e0 l\u2019<a style=\"color: #000000;\" href=\"https:\/\/www.espace-1789.com\/spectacle\/saison\">Espace 1789<\/a> \u00e0 Saint Ouen (2 repr\u00e9sentations scolaires le 13 mai et 2 le 16 mai)<\/span><\/p>\n<p style=\"font-style: normal; font-weight: 400; line-height: 1.25;\"><span style=\"font-family: 'Fira Sans'; font-size: 10pt; color: #000000;\">le 25 mai 2022 : <br><a style=\"color: #000000;\" href=\"https:\/\/www.khz-vidalbini.com\/?p=1786\">Jusqu\u2019\u00e0 l\u2019os<\/a>, \u00e0 <a style=\"color: #000000;\" href=\"https:\/\/machinerie54.fr\">la Machinerie 54<\/a> \u00e0 Hom\u00e9court (2 repr\u00e9sentations scolaires le 23 mai et 2 le 24 mai)<\/span><\/p>\n<p style=\"font-style: normal; font-weight: 400; line-height: 1.25;\"><span style=\"font-family: 'Fira Sans'; font-size: 10pt; color: #000000;\">les 8, 9 et 10 juin 2022 : <br><a style=\"color: #000000;\" href=\"https:\/\/www.khz-vidalbini.com\/?p=1635\">NARR : pour entrer dans la nuit<\/a>, \u00e0 <a style=\"color: #000000;\" href=\"https:\/\/www.pole-sud.fr\">POLE-SUD CDCN \u2013 Strasbourg<\/a><\/span><\/p>\n<p style=\"font-style: normal; font-weight: 400; line-height: 1.25;\"><span style=\"font-family: 'Fira Sans'; font-size: 10pt; color: #000000;\">les 14 et 15 juin 2022 :<br><a style=\"color: #000000;\" href=\"https:\/\/www.khz-vidalbini.com\/?p=1635\">NARR : pour entrer dans la nuit<\/a>, au <a style=\"color: #000000;\" href=\"https:\/\/www.manege-reims.eu\">Man\u00e8ge, sc\u00e8ne nationale de Reims<\/a><\/span><\/p>\n<\/details><\/div><\/div><\/div><\/div><\/div><div class=\"vce-col vce-col--md-8p vce-col--xs-1 vce-col--xs-last vce-col--xs-first vce-col--sm-last vce-col--sm-first vce-col--md-last vce-col--lg-last vce-col--xl-last\" id=\"el-0cb3fa9d\"><div class=\"vce-col-inner\" data-vce-do-apply=\"border margin background  el-0cb3fa9d\"><div class=\"vce-col-content\" data-vce-element-content=\"true\" data-vce-do-apply=\"padding el-0cb3fa9d\"><div class=\"vcv-row-control-wrapper\"><\/div><\/div><\/div><\/div><\/div><\/div><\/div><div class=\"vce-row-container\" data-vce-boxed-width=\"true\"><div class=\"vce-row vce-element--has-background vce-row--col-gap-30 vce-row-equal-height vce-row-content--top\" id=\"el-4960ce6e\" data-vce-do-apply=\"all el-4960ce6e\"><div class=\"vce-content-background-container\"><div class=\"vce-asset-color-gradient-container vce-visible-all-only\" data-vce-do-apply=\"gradient el-4960ce6e\"><\/div><\/div><div class=\"vce-row-content\" data-vce-element-content=\"true\"><div class=\"vce-col vce-col--md-8p vce-col--xs-1 vce-col--xs-last vce-col--xs-first vce-col--sm-last vce-col--sm-first vce-col--md-first vce-col--lg-first vce-col--xl-first\" id=\"el-5432b679\"><div class=\"vce-col-inner\" data-vce-do-apply=\"border margin background  el-5432b679\"><div class=\"vce-col-content\" data-vce-element-content=\"true\" data-vce-do-apply=\"padding el-5432b679\"><div class=\"vcv-row-control-wrapper\"><\/div><\/div><\/div><\/div><div class=\"vce-col vce-col--md-28p vce-col--xs-1 vce-col--xs-last vce-col--xs-first vce-col--sm-last vce-col--sm-first\" id=\"el-ef964316\"><div class=\"vce-col-inner\" data-vce-do-apply=\"border margin background  el-ef964316\"><div class=\"vce-col-content\" data-vce-element-content=\"true\" data-vce-do-apply=\"padding el-ef964316\"><div class=\"vce-text-block\"><div class=\"vce-text-block-wrapper vce\" id=\"el-3e21ad95\" data-vce-do-apply=\"all el-3e21ad95\"><details class=\"wp-block-details has-black-color has-text-color has-link-color has-medium-font-size wp-elements-149f3b08bad7a09bd1fd505401b2a79f is-layout-flow wp-block-details-is-layout-flow\" style=\"font-style: normal; font-weight: 600;\">\n<summary><span style=\"font-family: 'Fira Sans'; font-size: 12pt; color: #000000;\">Saison 2020-2021<br><br><\/span><\/summary>\n<p style=\"font-style: normal; font-weight: 400; line-height: 1.25;\"><span style=\"font-family: 'Fira Sans'; font-size: 10pt; color: #000000;\">les 22 et 23 septembre 2020 : <br><a style=\"color: #000000;\" href=\"https:\/\/www.khz-vidalbini.com\/?p=1761\">MORITURI (cr\u00e9er est un combat)<\/a>, \u00e0 <a style=\"color: #000000;\" href=\"https:\/\/www.pole-sud.fr\">POLE-SUD CDCN \u2013 Strasbourg<\/a>&nbsp;dans le cadre de Programme(s) Commun(s)<\/span><\/p>\n<p style=\"font-style: normal; font-weight: 400; line-height: 1.25;\"><span style=\"font-family: 'Fira Sans'; font-size: 10pt; color: #000000;\">le 16 octobre 2020 : <br><a style=\"color: #000000;\" href=\"https:\/\/www.khz-vidalbini.com\/?p=1635\">Narr<\/a> : exploration #1, \u00e0 <a style=\"color: #000000;\" href=\"https:\/\/www.pole-sud.fr\">POLE-SUD CDCN \u2013 Strasbourg<\/a>&nbsp;dans le cadre de Programme(s) Commun(s)<\/span><\/p>\n<p style=\"font-style: normal; font-weight: 400; line-height: 1.25;\"><span style=\"font-family: 'Fira Sans'; font-size: 10pt; color: #000000;\">le 12 et 13 novembre 2020 (REPORT\u00c9 &gt; 22 et 23 Juin 2021) : <br><a style=\"color: #000000;\" href=\"https:\/\/www.khz-vidalbini.com\/?p=1761\">MORITURI (cr\u00e9er est un combat)<\/a>, au <a style=\"color: #000000;\" href=\"http:\/\/www.centremalraux.com\" target=\"_blank\" rel=\"noreferrer noopener\">Centre Culturel Andr\u00e9 Malraux<\/a>, sc\u00e8ne nationale de Vand\u0153uvre-les-Nancy<\/span><\/p>\n<p style=\"font-style: normal; font-weight: 400; line-height: 1.25;\"><span style=\"font-family: 'Fira Sans'; font-size: 10pt; color: #000000;\">les 7, 8 et 9 janvier 2021 : <br><a style=\"color: #000000;\" href=\"https:\/\/www.khz-vidalbini.com\/?p=1786\">Jusqu\u2019\u00e0 l\u2019os<\/a>, \u00e0 l\u2019<a style=\"color: #000000;\" href=\"https:\/\/www.espace-1789.com\/spectacle\/saison\">Espace 1789<\/a> \u00e0 Saint Ouen (REPORT\u00c9)<\/span><\/p>\n<p style=\"font-style: normal; font-weight: 400; line-height: 1.25;\"><span style=\"font-family: 'Fira Sans'; font-size: 10pt; color: #000000;\">le 19 janvier 2021 : <br><a style=\"color: #000000;\" href=\"https:\/\/www.khz-vidalbini.com\/?p=1786\">Jusqu\u2019\u00e0 l\u2019os<\/a>, \u00e0 <a style=\"color: #000000;\" href=\"https:\/\/www.lacastine.com\">La Castine<\/a> \u00e0 Reichshoffen, dans le cadre du Festival D\u00e9caDanse des Sc\u00e8nes du Nord Alsace (REPORT\u00c9)<\/span><\/p>\n<p style=\"font-style: normal; font-weight: 400; line-height: 1.25;\"><span style=\"font-family: 'Fira Sans'; font-size: 10pt; color: #000000;\">le 22 janvier 2021 : <br><a style=\"color: #000000;\" href=\"https:\/\/www.khz-vidalbini.com\/?p=1786\">Jusqu\u2019\u00e0 l\u2019os<\/a>, \u00e0 <a style=\"color: #000000;\" href=\"https:\/\/www.la-saline.fr\/Saison-culturelle.html\">La Saline<\/a>&nbsp;Relais Culturel \u00e0 Soultz-sous-For\u00eats, dans le cadre du Festival D\u00e9caDanse des Sc\u00e8nes du Nord Alsace&nbsp;(REPORT\u00c9)<\/span><\/p>\n<p style=\"font-style: normal; font-weight: 400; line-height: 1.25;\"><span style=\"font-family: 'Fira Sans'; font-size: 10pt; color: #000000;\">le 23 janvier 2021 : <br><a style=\"color: #000000;\" href=\"https:\/\/www.khz-vidalbini.com\/?p=1786\">Jusqu\u2019\u00e0 l\u2019os<\/a>, \u00e0 <a style=\"color: #000000;\" href=\"https:\/\/www.mac-bischwiller.fr\/agenda-categorie\/danse\/\">la MAC<\/a>&nbsp;Relais Culturel \u00e0 Bischwiller, dans le cadre du Festival D\u00e9caDanse des Sc\u00e8nes du Nord Alsace (REPORT\u00c9)<\/span><\/p>\n<p style=\"font-style: normal; font-weight: 400; line-height: 1.25;\"><span style=\"font-family: 'Fira Sans'; font-size: 10pt; color: #000000;\">le 26 janvier 2021 : <br><a style=\"color: #000000;\" href=\"https:\/\/www.khz-vidalbini.com\/?p=1786\">Jusqu\u2019\u00e0 l\u2019os<\/a>, \u00e0 <a style=\"color: #000000;\" href=\"https:\/\/www.lacometehesingue.fr\">La Com\u00e8te<\/a> \u00e0 H\u00e9singue, dans le cadre du Festival Compli\u2019Cit\u00e9 (ANNUL\u00c9)<\/span><\/p>\n<p style=\"font-style: normal; font-weight: 400; line-height: 1.25;\"><span style=\"font-family: 'Fira Sans'; font-size: 10pt; color: #000000;\">les 13 et 14 avril 2021 : <br><a style=\"color: #000000;\" href=\"https:\/\/www.khz-vidalbini.com\/?p=1786\">Jusqu\u2019\u00e0 l\u2019os<\/a>, \u00e0 la <a style=\"color: #000000;\" href=\"https:\/\/salle-europe.colmar.fr\/programmation\">Salle Europe<\/a> \u00e0 Colmar (REPORT\u00c9)<\/span><\/p>\n<p style=\"font-style: normal; font-weight: 400; line-height: 1.25;\"><span style=\"font-family: 'Fira Sans'; font-size: 10pt; color: #000000;\">le 16 avril 2021 : <br><a style=\"color: #000000;\" href=\"https:\/\/www.khz-vidalbini.com\/?p=1761\">MORITURI (cr\u00e9er est un combat)<\/a>,&nbsp;\u00e0 la <a style=\"color: #000000;\" href=\"https:\/\/salle-europe.colmar.fr\/programmation\">Salle Europe<\/a> \u00e0 Colmar (REPORT\u00c9)<\/span><\/p>\n<p style=\"font-style: normal; font-weight: 400; line-height: 1.25;\"><span style=\"font-family: 'Fira Sans'; font-size: 10pt; color: #000000;\">du 7 au 26 juillet 2021 : <br><a style=\"color: #000000;\" href=\"https:\/\/www.khz-vidalbini.com\/?p=1786\">Jusqu\u2019\u00e0 l\u2019os<\/a>, festival OFF d\u2019Avignon, \u00e0 la Caserne<\/span><\/p>\n<\/details><\/div><\/div><\/div><\/div><\/div><div class=\"vce-col vce-col--md-28p vce-col--xs-1 vce-col--xs-last vce-col--xs-first vce-col--sm-last vce-col--sm-first\" id=\"el-8ccdbcab\"><div class=\"vce-col-inner\" data-vce-do-apply=\"border margin background  el-8ccdbcab\"><div class=\"vce-col-content\" data-vce-element-content=\"true\" data-vce-do-apply=\"padding el-8ccdbcab\"><div class=\"vce-text-block\"><div class=\"vce-text-block-wrapper vce\" id=\"el-7829d1ec\" data-vce-do-apply=\"all el-7829d1ec\"><details class=\"wp-block-details has-black-color has-text-color has-link-color has-medium-font-size wp-elements-11c6012bacaef200d6113217de330703 is-layout-flow wp-block-details-is-layout-flow\" style=\"font-style: normal; font-weight: 600;\">\n<summary><span style=\"font-family: 'Fira Sans'; font-size: 12pt;\">Dates 2017-2019<\/span><\/summary>\n<p style=\"font-style: normal; font-weight: 400; line-height: 1.25;\"><span style=\"font-family: 'Fira Sans'; color: #000000; font-size: 10pt;\">du 6 au 10 novembre 2018 : <br><a style=\"color: #000000;\" href=\"https:\/\/www.khz-vidalbini.com\/?p=1786\">Jusqu\u2019\u00e0 l\u2019os<\/a>, au Th\u00e9\u00e2tre Christiane Stro\u00eb, \u00e0 Bouxwiller<\/span><\/p>\n<p style=\"font-style: normal; font-weight: 400; line-height: 1.25;\"><span style=\"font-family: 'Fira Sans'; color: #000000; font-size: 10pt;\">4 avril 2019 : <br><a style=\"color: #000000;\" href=\"https:\/\/www.khz-vidalbini.com\/?p=1761\">MORITURI (cr\u00e9er est un combat)<\/a>, avant premi\u00e8re \u00e0 <a style=\"color: #000000;\" href=\"https:\/\/www.pole-sud.fr\">POLE-SUD CDCN \u2013 Strasbourg<\/a>, dans le cadre du festival EXTRADANSE<\/span><\/p>\n<p style=\"font-style: normal; font-weight: 400; line-height: 1.25;\"><span style=\"font-family: 'Fira Sans'; color: #000000; font-size: 10pt;\">du 13 au 18 mai 2019 : <br><a style=\"color: #000000;\" href=\"https:\/\/www.khz-vidalbini.com\/?p=1786\">Jusqu\u2019\u00e0 l\u2019os<\/a>, \u00e0 Benheim, avec <a style=\"color: #000000;\" href=\"http:\/\/www.surlessentiersdutheatre.com\">Sur les sentiers du th\u00e9\u00e2tre<\/a><\/span><\/p>\n<p style=\"font-style: normal; font-weight: 400; line-height: 1.25;\"><span style=\"font-family: 'Fira Sans'; color: #000000; font-size: 10pt;\">7 juin 2019 : <br><a style=\"color: #000000;\" href=\"https:\/\/www.khz-vidalbini.com\/?p=1786\">Jusqu\u2019\u00e0 l\u2019os<\/a>, au Centre Socio-Culturel de Sarre-Union, dans le cadre du festival <a style=\"color: #000000;\" href=\"http:\/\/www.mouton-lion.org\">Mon Mouton est un Lion<\/a><\/span><\/p>\n<p style=\"font-style: normal; font-weight: 400; line-height: 1.25;\"><span style=\"font-family: 'Fira Sans'; font-size: 10pt; color: #000000;\">6 et 7 ao\u00fbt 2019 : <br><a style=\"color: #000000;\" href=\"https:\/\/www.khz-vidalbini.com\/?p=1786\">Jusqu\u2019\u00e0 l\u2019os<\/a>, au <a style=\"color: #000000;\" href=\"http:\/\/taps.strasbourg.eu\">T.A.P.S.<\/a> \u00e0 Strasbourg<br><br>12 et 13 octobre 2017 :&nbsp;<br>MORITURI&nbsp;ou les Oies Sauvages, au <a style=\"color: #000000;\" href=\"http:\/\/www.centremalraux.com\" target=\"_blank\" rel=\"noreferrer noopener\">Centre Culturel Andr\u00e9 Malraux<\/a>, sc\u00e8ne nationale de Vand\u0153uvre-les-Nancy, dans le cadre d\u2019Exp.\u00c9dition 2017, Biennale de la Danse Grand Est.<br><br>17 octobre 2017 : <br>MORITURI&nbsp;ou les Oies Sauvages, au Th\u00e9\u00e2tre Christiane Stro\u00eb, \u00e0 Bouxwiller, dans le cadre d\u2019Exp.\u00c9dition 2017, Biennale de la Danse Grand Est.<br><br>1 d\u00e9cembre 2017 : <br><a style=\"color: #000000;\" href=\"https:\/\/www.khz-vidalbini.com\/?p=1761\">MORITURI (cr\u00e9er est un combat)<\/a>, \u00e0 Senones, en partenariat avec Sc\u00e8ne 2, dans le cadre d\u2019Exp.\u00c9dition 2017, Biennale de la Danse Grand Est.<br><br>19 d\u00e9cembre 2017 : <br><a style=\"color: #000000;\" href=\"https:\/\/www.khz-vidalbini.com\/?p=1761\">MORITURI (cr\u00e9er est un combat)<\/a>, au Th\u00e9\u00e2tre Christiane Stro\u00eb, \u00e0 Bouxwiller<br><br>23 f\u00e9vrier 2018 : <br><a style=\"color: #000000;\" href=\"https:\/\/www.khz-vidalbini.com\/?p=1786\">Jusqu\u2019\u00e0 l\u2019os<\/a>,&nbsp;au Th\u00e9\u00e2tre Christiane Stro\u00eb, \u00e0 Bouxwiller<br><br>10 novembre 2016 : <br>TRANSMISSION, au <a style=\"color: #000000;\" href=\"http:\/\/www.theaboux.eu\/\" target=\"_blank\" rel=\"noreferrer noopener\">Th\u00e9\u00e2tre Christiane Stro\u00eb<\/a>, \u00e0 Bouxwiller<br><br>3 f\u00e9vrier 2017 : <br>travaux publics&nbsp;pour MORITURI&nbsp;ou les Oies Sauvages, \u00e0&nbsp;<a style=\"color: #000000;\" href=\"http:\/\/www.pole-sud.fr\" target=\"_blank\" rel=\"noreferrer noopener\">POLE-SUD<\/a> CDC&nbsp;Strasbourg<\/span><\/p>\n<\/details><\/div><\/div><\/div><\/div><\/div><div class=\"vce-col vce-col--md-28p vce-col--xs-1 vce-col--xs-last vce-col--xs-first vce-col--sm-last vce-col--sm-first\" id=\"el-8dedb3de\"><div class=\"vce-col-inner\" data-vce-do-apply=\"border margin background  el-8dedb3de\"><div class=\"vce-col-content\" data-vce-element-content=\"true\" data-vce-do-apply=\"padding el-8dedb3de\"><div class=\"vce-text-block\"><div class=\"vce-text-block-wrapper vce\" id=\"el-ee9b1369\" data-vce-do-apply=\"all el-ee9b1369\"><details class=\"wp-block-details has-black-color has-text-color has-link-color has-medium-font-size wp-elements-8b20d166ebee35169d2acc57e175a6af is-layout-flow wp-block-details-is-layout-flow\" style=\"font-style: normal; font-weight: 600;\">\n<summary><span style=\"font-size: 12pt; color: #000000; font-family: 'Fira Sans';\">Saison 2019-2020<br><br><\/span><\/summary>\n<p style=\"font-style: normal; font-weight: 400; line-height: 1.25;\"><span style=\"font-size: 10pt; color: #000000; font-family: 'Fira Sans';\">le 22 septembre 2019 : <br><a style=\"color: #000000;\" href=\"https:\/\/www.khz-vidalbini.com\/?p=1635\">Narr<\/a> : exploration #1 au <a style=\"color: #000000;\" href=\"https:\/\/www.museedupaysdehanau.eu\">Mus\u00e9e du Pays de Hanau<\/a>, \u00e0 Bouxwiller, dans le cadre des Journ\u00e9es du Patrimoine<\/span><\/p>\n<p style=\"font-style: normal; font-weight: 400; line-height: 1.25;\"><span style=\"font-size: 10pt; color: #000000; font-family: 'Fira Sans';\">les 8, 9, 10 et 11 octobre 2019 : <br><a style=\"color: #000000;\" href=\"https:\/\/www.khz-vidalbini.com\/?p=1761\">MORITURI (cr\u00e9er est un combat)<\/a>, au Th\u00e9\u00e2tre Christiane Stro\u00eb \u00e0 Bouxwiller<\/span><\/p>\n<p style=\"font-style: normal; font-weight: 400; line-height: 1.25;\"><span style=\"font-size: 10pt; color: #000000; font-family: 'Fira Sans';\">les 12, 13 et 14 janvier 2020 : <br><a style=\"color: #000000;\" href=\"https:\/\/www.khz-vidalbini.com\/?p=1786\">Jusqu\u2019\u00e0 l\u2019os<\/a>, \u00e0 <a style=\"color: #000000;\" href=\"https:\/\/www.pole-sud.fr\">POLE-SUD CDCN \u2013 Strasbourg<\/a><\/span><\/p>\n<p style=\"font-style: normal; font-weight: 400; line-height: 1.25;\"><span style=\"font-size: 10pt; color: #000000; font-family: 'Fira Sans';\">le 30 janvier 2020 : <br><a style=\"color: #000000;\" href=\"https:\/\/www.khz-vidalbini.com\/?p=1786\">Jusqu\u2019\u00e0 l\u2019os<\/a>, \u00e0 l\u2019<a style=\"color: #000000;\" href=\"http:\/\/www.ville-bitche.fr\/site\/vivre_bitche_cassin.php\">Espace Cassin<\/a> \u00e0 Bitche<\/span><\/p>\n<p style=\"font-style: normal; font-weight: 400; line-height: 1.25;\"><span style=\"font-size: 10pt; color: #000000; font-family: 'Fira Sans';\">les 3 et 4 f\u00e9vrier 2020 : <br><a style=\"color: #000000;\" href=\"https:\/\/www.khz-vidalbini.com\/?p=1786\">Jusqu\u2019\u00e0 l\u2019os<\/a>, au <a style=\"color: #000000;\" href=\"http:\/\/theaboux.eu\">Th\u00e9\u00e2tre Christiane Stro\u00eb<\/a> \u00e0 Bouxwiller<\/span><\/p>\n<p style=\"font-style: normal; font-weight: 400; line-height: 1.25;\"><span style=\"font-size: 10pt; color: #000000; font-family: 'Fira Sans';\">les 5, 6 et 7 f\u00e9vrier 2020 : <br><a style=\"color: #000000;\" href=\"https:\/\/www.khz-vidalbini.com\/?p=1761\">MORITURI (cr\u00e9er est un combat)<\/a>, au <a style=\"color: #000000;\" href=\"http:\/\/theaboux.eu\">Th\u00e9\u00e2tre Christiane Stro\u00eb<\/a> \u00e0 Bouxwiller<\/span><\/p>\n<p style=\"font-style: normal; font-weight: 400; line-height: 1.25;\"><span style=\"font-size: 10pt; color: #000000; font-family: 'Fira Sans';\">les 13, 14 et 15 f\u00e9vrier 2020 : <br>MORITURI&nbsp;ou les Oies Sauvages, au <a style=\"color: #000000;\" href=\"http:\/\/theaboux.eu\">Th\u00e9\u00e2tre Christiane Stro\u00eb<\/a>, \u00e0 Bouxwiller<\/span><\/p>\n<p style=\"font-style: normal; font-weight: 400; line-height: 1.25;\"><span style=\"font-size: 10pt; color: #000000; font-family: 'Fira Sans';\">le 6 mars 2020 : <br>MORITURI&nbsp;ou les Oies Sauvages, \u00e0 <a style=\"color: #000000;\" href=\"https:\/\/lameridienne-luneville.fr\/evenement\/morituri-ou-les-oies-sauvages\/\">la M\u00e9ridienne<\/a> \u00e0 Lun\u00e9ville<\/span><\/p>\n<p style=\"font-style: normal; font-weight: 400; line-height: 1.25;\"><span style=\"font-size: 10pt; color: #000000; font-family: 'Fira Sans';\">le 12 mars 2020 : <br>MORITURI&nbsp;ou les Oies Sauvages, \u00e0 l\u2019<a style=\"color: #000000;\" href=\"https:\/\/www.espace110.org\/saison-culturelle\/calendrier\/morituri-ou-les-oies-sauvages\">Espace 110<\/a> \u00e0 Illzach, dans le cadre de la Quinzaine de la Danse (annul\u00e9)<\/span><\/p>\n<p style=\"font-style: normal; font-weight: 400; line-height: 1.25;\"><span style=\"font-size: 10pt; color: #000000; font-family: 'Fira Sans';\">le 18 avril 2020 : <br>CoESIONI #7, in situ \u00e0 Bouxwiller (annul\u00e9)<\/span><\/p>\n<p style=\"font-style: normal; font-weight: 400; line-height: 1.25;\"><span style=\"font-size: 10pt; color: #000000; font-family: 'Fira Sans';\">le 27 juin 2020 : <br><a style=\"color: #000000;\" href=\"https:\/\/www.khz-vidalbini.com\/?p=1635\">Narr<\/a> : exploration #2, au <a style=\"color: #000000;\" href=\"http:\/\/theaboux.eu\">Th\u00e9\u00e2tre Christiane Stro\u00eb<\/a> \u00e0 Bouxwiller, dans le cadre des Rencontres Amateurs Danse (report\u00e9 \u00e0 la saison 2021-2022)<\/span><\/p>\n<p style=\"font-style: normal; font-weight: 400; line-height: 1.25;\"><span style=\"font-size: 10pt; color: #000000; font-family: 'Fira Sans';\">juillet 2020 : <br><a style=\"color: #000000;\" href=\"https:\/\/www.khz-vidalbini.com\/?p=1786\">Jusqu\u2019\u00e0 l\u2019os<\/a>, au festival OFF d\u2019Avignon, dans le cadre de la s\u00e9lection de la R\u00e9gion Grand Est (report\u00e9 \u00e0 2021)<\/span><\/p>\n<\/details><\/div><\/div><\/div><\/div><\/div><div class=\"vce-col vce-col--md-8p vce-col--xs-1 vce-col--xs-last vce-col--xs-first vce-col--sm-last vce-col--sm-first vce-col--md-last vce-col--lg-last vce-col--xl-last\" id=\"el-ee652655\"><div class=\"vce-col-inner\" data-vce-do-apply=\"border margin background  el-ee652655\"><div class=\"vce-col-content\" data-vce-element-content=\"true\" data-vce-do-apply=\"padding el-ee652655\"><div class=\"vcv-row-control-wrapper\"><\/div><\/div><\/div><\/div><\/div><\/div><\/div>","protected":false},"excerpt":{"rendered":"<p>&nbsp;Saison 2023-2024 le 18 octobre 2023 : Jusqu\u2019\u00e0 l\u2019os,&nbsp;au CCAM \u2013 sc\u00e8ne nationale de Vand\u0153uvre-l\u00e8s-Nancy&nbsp;(6 repr\u00e9sentations scolaires les 17, 19 et 20 octobre) le 8 novembre 2023 : Jusqu\u2019\u00e0 l\u2019os, 2 repr\u00e9sentations tout public ALL\/FR au Festival LOOSTIK&nbsp;festival jeune public franco-allemand (3 repr\u00e9sentations scolaires le 7 novembre) le 24 novembre 2023 : NARR \u2013 Le [&hellip;]<\/p>\n","protected":false},"author":1,"featured_media":0,"parent":0,"menu_order":0,"comment_status":"closed","ping_status":"closed","template":"","meta":{"footnotes":""},"class_list":["post-56","page","type-page","status-publish","hentry"],"_links":{"self":[{"href":"https:\/\/www.khz-vidalbini.com\/index.php?rest_route=\/wp\/v2\/pages\/56","targetHints":{"allow":["GET"]}}],"collection":[{"href":"https:\/\/www.khz-vidalbini.com\/index.php?rest_route=\/wp\/v2\/pages"}],"about":[{"href":"https:\/\/www.khz-vidalbini.com\/index.php?rest_route=\/wp\/v2\/types\/page"}],"author":[{"embeddable":true,"href":"https:\/\/www.khz-vidalbini.com\/index.php?rest_route=\/wp\/v2\/users\/1"}],"replies":[{"embeddable":true,"href":"https:\/\/www.khz-vidalbini.com\/index.php?rest_route=%2Fwp%2Fv2%2Fcomments&post=56"}],"version-history":[{"count":95,"href":"https:\/\/www.khz-vidalbini.com\/index.php?rest_route=\/wp\/v2\/pages\/56\/revisions"}],"predecessor-version":[{"id":2058,"href":"https:\/\/www.khz-vidalbini.com\/index.php?rest_route=\/wp\/v2\/pages\/56\/revisions\/2058"}],"wp:attachment":[{"href":"https:\/\/www.khz-vidalbini.com\/index.php?rest_route=%2Fwp%2Fv2%2Fmedia&parent=56"}],"curies":[{"name":"wp","href":"https:\/\/api.w.org\/{rel}","templated":true}]}}